{"id":13939,"date":"2026-04-26T15:59:28","date_gmt":"2026-04-26T15:59:28","guid":{"rendered":"https:\/\/liceulmeu.md\/?page_id=13939"},"modified":"2026-04-26T15:59:34","modified_gmt":"2026-04-26T15:59:34","slug":"admiterea-ciclu-liceu-2026","status":"publish","type":"page","link":"https:\/\/liceulmeu.md\/en\/admiterea-ciclu-liceu-2026\/","title":{"rendered":"Admiterea ciclu liceu 2026"},"content":{"rendered":"<p>\ud83d\udce2 <strong>Anun\u021b important \u2013 Admitere \u00een ciclul liceal<\/strong><\/p>\n\n\n\n<p>IPLT \u201eGinta Latin\u0103\u201d anun\u021b\u0103 demararea procedurii de admitere \u00een \u00eenv\u0103\u021b\u0103m\u00e2ntul liceal pentru anul de studii 2026\u20132027.<\/p>\n\n\n\n<p>\ud83d\udcda Admiterea \u00een clasa a X-a se va desf\u0103\u0219ura conform prevederilor stabilite de Ministerul Educa\u021biei \u0219i Cercet\u0103rii al Republicii Moldova, \u00een baza concursului de dosare, care include media de concurs calculat\u0103 din rezultatele ob\u021binute la examenele de absolvire a gimnaziului \u0219i mediile anuale la disciplinele de profil .<\/p>\n\n\n\n<p>\ud83d\udcc5 Procesul de admitere va avea loc \u00een dou\u0103 etape:<\/p>\n\n\n\n<ul class=\"wp-block-list\">\n<li><strong>Etapa I:<\/strong> 13 iulie \u2013 1 august 2026<\/li>\n\n\n\n<li><strong>Etapa II:<\/strong> 3 \u2013 14 august 2026<\/li>\n<\/ul>\n\n\n\n<p>\ud83d\udccc Depunerea dosarelor pentru participarea la concurs se va realiza \u00een perioada stabilit\u0103 conform calendarului oficial.<\/p>\n\n\n\n<p>\ud83c\udf93 IPLT \u201eGinta Latin\u0103\u201d ofer\u0103 elevilor oportunitatea de a opta pentru diverse profiluri de studiu, \u00eentr-un mediu educa\u021bional modern, orientat spre performan\u021b\u0103, dezvoltare personal\u0103 \u0219i excelen\u021b\u0103 academic\u0103.<\/p>\n\n\n\n<p><\/p>\n\n\n\n<p><\/p>\n\n\n\n<p><strong>Calendarul primei etape de admitere (13 iulie &#8211; 01 august 2026) include:<\/strong><\/p>\n\n\n\n<ul class=\"wp-block-list\">\n<li><strong>13 &#8211; 22 iulie 2026:<\/strong>\u00a0depunerea actelor pentru \u00eenscrierea la concursul de admitere \u00een liceu;<\/li>\n\n\n\n<li><strong>24 iulie 2026:<\/strong>\u00a0proba de concurs (pentru liceele cu admitere \u00een baza probelor suplimentare);<\/li>\n\n\n\n<li><strong>27 iulie 2026:<\/strong>\u00a0afi\u0219area rezultatelor la proba suplimentar\u0103 de concurs;<\/li>\n\n\n\n<li><strong>23 &#8211; 25 iulie 2026:<\/strong>\u00a0concursul dosarelor (calcularea mediilor de concurs \u0219i stabilirea listei finale a elevilor admi\u0219i);<\/li>\n\n\n\n<li><strong>27 iulie 2026:<\/strong>\u00a0anun\u021barea rezultatelor concursului de admitere;<\/li>\n\n\n\n<li><strong>28 &#8211; 30 iulie 2026:<\/strong>\u00a0prezentarea de c\u0103tre candida\u021bi a documentelor justificative ce confirm\u0103 op\u021biunea final\u0103 de \u00eenmatriculare;<\/li>\n\n\n\n<li><strong>31 iulie &#8211; 01 august 2026:<\/strong>\u00a0transmiterea raportului cu rezultatele sesiunii de admitere c\u0103tre OLSD\u00ce.<\/li>\n<\/ul>\n\n\n\n<p><strong>A doua etap\u0103 de admitere (03 &#8211; 14 august 2026):<\/strong><strong><br><\/strong>Aceast\u0103 etap\u0103 este destinat\u0103 complet\u0103rii locurilor r\u0103mase libere, iar calendarul include:<\/p>\n\n\n\n<ul class=\"wp-block-list\">\n<li><strong>03 &#8211; 06 august 2026:<\/strong>\u00a0depunerea actelor pentru \u00eenscrierea la concurs;<\/li>\n\n\n\n<li><strong>07 august 2026:<\/strong>\u00a0concursul dosarelor (calcularea mediilor \u0219i stabilirea listei finale a elevilor admi\u0219i);<\/li>\n\n\n\n<li><strong>10 august 2026:<\/strong>\u00a0anun\u021barea rezultatelor concursului;<\/li>\n\n\n\n<li><strong>11 &#8211; 13 august 2026:<\/strong>\u00a0prezentarea documentelor justificative ce confirm\u0103 op\u021biunea final\u0103 de \u00eenmatriculare;<\/li>\n\n\n\n<li><strong>14 august 2026:<\/strong>\u00a0transmiterea raportului final cu rezultatele sesiunii c\u0103tre OLSD\u00ce.<\/li>\n<\/ul>\n\n\n\n<p>\u00cen sesiunea din anul trecut, \u00een licee au fost \u00eenmatricula\u021bi 13.438 de elevi (reprezent\u00e2nd 53,86% din totalul absolven\u021bilor de gimnaziu). Repartizarea elevilor admi\u0219i pe profiluri a fost urm\u0103toarea: 6.879 la profilul umanist (51,19%), 4.079 la profilul real (30,35%), 1.842 la profilul general (13,70%), 300 la profilul sport, 200 la profilul arte, 135 \u00een clase bilingve \u0219i 3 la profilul teologic.<\/p>\n\n\n\n<p>Ministerul Educa\u021biei \u0219i Cercet\u0103rii \u00eendeamn\u0103 to\u021bi absolven\u021bii de gimnaziu \u0219i p\u0103rin\u021bii acestora s\u0103 consulte oferta educa\u021bional\u0103 a liceelor \u0219i s\u0103 respecte calendarul stabilit, pentru a asigura o participare corect\u0103 \u0219i transparent\u0103 la procesul de admitere.<\/p>\n\n\n\n<p>\ud83d\udcce Informa\u021bii suplimentare privind actele necesare, criteriile de admitere \u0219i oferta educa\u021bional\u0103 pot fi ob\u021binute la secretariatul institu\u021biei sau pe pagina oficial\u0103 a liceului.<\/p>\n\n\n\n<p>V\u0103 a\u0219tept\u0103m cu drag s\u0103 face\u021bi parte din comunitatea noastr\u0103 educa\u021bional\u0103!<\/p>\n\n\n\n<div data-wp-interactive=\"core\/file\" class=\"wp-block-file\"><object data-wp-bind--hidden=\"!state.hasPdfPreview\" hidden class=\"wp-block-file__embed\" data=\"https:\/\/liceulmeu.md\/wp-content\/uploads\/2026\/04\/ord_421_2026_admiterea_elevilor_in_invatamantul_liceal_sesiunea_2026.pdf\" type=\"application\/pdf\" style=\"width:100%;height:600px\" aria-label=\"Embed of ord_421_2026_admiterea_elevilor_in_invatamantul_liceal_sesiunea_2026.\"><\/object><a id=\"wp-block-file--media-268a08fe-d4d9-496e-b582-09dc3bb81fb9\" href=\"https:\/\/liceulmeu.md\/wp-content\/uploads\/2026\/04\/ord_421_2026_admiterea_elevilor_in_invatamantul_liceal_sesiunea_2026.pdf\">ord_421_2026_admiterea_elevilor_in_invatamantul_liceal_sesiunea_2026<\/a><a href=\"https:\/\/liceulmeu.md\/wp-content\/uploads\/2026\/04\/ord_421_2026_admiterea_elevilor_in_invatamantul_liceal_sesiunea_2026.pdf\" class=\"wp-block-file__button wp-element-button\" download aria-describedby=\"wp-block-file--media-268a08fe-d4d9-496e-b582-09dc3bb81fb9\">Descarc\u0103<\/a><\/div>\n\n\n\n<p><\/p>","protected":false},"excerpt":{"rendered":"<p>\ud83d\udce2 Anun\u021b important \u2013 Admitere \u00een ciclul liceal IPLT \u201eGinta Latin\u0103\u201d anun\u021b\u0103 demararea procedurii de admitere \u00een \u00eenv\u0103\u021b\u0103m\u00e2ntul liceal pentru anul de studii 2026\u20132027. \ud83d\udcda Admiterea \u00een clasa a X-a se va desf\u0103\u0219ura conform prevederilor stabilite de Ministerul Educa\u021biei \u0219i Cercet\u0103rii al Republicii Moldova, \u00een baza concursului de dosare, care include media de concurs calculat\u0103&hellip; <br \/> <a class=\"read-more\" href=\"https:\/\/liceulmeu.md\/en\/admiterea-ciclu-liceu-2026\/\">Read more<\/a><\/p>","protected":false},"author":1,"featured_media":0,"parent":0,"menu_order":0,"comment_status":"closed","ping_status":"closed","template":"","meta":{"footnotes":""},"class_list":["post-13939","page","type-page","status-publish","hentry"],"rttpg_featured_image_url":null,"rttpg_author":{"display_name":"gintalatina","author_link":"https:\/\/liceulmeu.md\/en\/author\/admin\/"},"rttpg_comment":0,"rttpg_category":null,"rttpg_excerpt":"\ud83d\udce2 Anun\u021b important \u2013 Admitere \u00een ciclul liceal IPLT \u201eGinta Latin\u0103\u201d anun\u021b\u0103 demararea procedurii de admitere \u00een \u00eenv\u0103\u021b\u0103m\u00e2ntul liceal pentru anul de studii 2026\u20132027. \ud83d\udcda Admiterea \u00een clasa a X-a se va desf\u0103\u0219ura conform prevederilor stabilite de Ministerul Educa\u021biei \u0219i Cercet\u0103rii al Republicii Moldova, \u00een baza concursului de dosare, care include media de concurs calculat\u0103&hellip;&hellip;","_links":{"self":[{"href":"https:\/\/liceulmeu.md\/en\/wp-json\/wp\/v2\/pages\/13939","targetHints":{"allow":["GET"]}}],"collection":[{"href":"https:\/\/liceulmeu.md\/en\/wp-json\/wp\/v2\/pages"}],"about":[{"href":"https:\/\/liceulmeu.md\/en\/wp-json\/wp\/v2\/types\/page"}],"author":[{"embeddable":true,"href":"https:\/\/liceulmeu.md\/en\/wp-json\/wp\/v2\/users\/1"}],"replies":[{"embeddable":true,"href":"https:\/\/liceulmeu.md\/en\/wp-json\/wp\/v2\/comments?post=13939"}],"version-history":[{"count":1,"href":"https:\/\/liceulmeu.md\/en\/wp-json\/wp\/v2\/pages\/13939\/revisions"}],"predecessor-version":[{"id":13941,"href":"https:\/\/liceulmeu.md\/en\/wp-json\/wp\/v2\/pages\/13939\/revisions\/13941"}],"wp:attachment":[{"href":"https:\/\/liceulmeu.md\/en\/wp-json\/wp\/v2\/media?parent=13939"}],"curies":[{"name":"wp","href":"https:\/\/api.w.org\/{rel}","templated":true}]}}